{"id":5311,"date":"2025-09-10T21:46:43","date_gmt":"2025-09-11T00:46:43","guid":{"rendered":"https:\/\/esnaola-caba.infd.edu.ar\/sitio\/?page_id=5311"},"modified":"2025-09-10T21:46:44","modified_gmt":"2025-09-11T00:46:44","slug":"presentacion-general","status":"publish","type":"page","link":"https:\/\/esnaola-caba.infd.edu.ar\/sitio\/presentacion-general\/","title":{"rendered":"PRESENTACI\u00d3N GENERAL"},"content":{"rendered":"\n<p><strong>VII Encuentro sobre Pr\u00e1cticas Pedag\u00f3gicas en Educaci\u00f3n Musical (EPPEM2025)<\/strong><\/p>\n\n\n\n<p><strong>22 al 26 de septiembre de 2025 \u2013 Nivel Terciario, Escuela Superior de Educaci\u00f3n Art\u00edstica en M\u00fasica \u201cJuan Pedro Esnaola\u201d, Buenos Aires, Argentina<\/strong><\/p>\n\n\n\n<p>Desde su inicio en 2019, el <strong><em>EPPEM<\/em><\/strong> se ha consolidado como un espacio de reflexi\u00f3n, intercambio y construcci\u00f3n colectiva en torno a la educaci\u00f3n musical. Esta s\u00e9ptima edici\u00f3n nos convoca bajo el eje <strong>\u201cM\u00fasicas, culturas y sociedades: Desaf\u00edos y concepciones del siglo XXI\u201d<\/strong>, invitando a pensar c\u00f3mo las pr\u00e1cticas art\u00edsticas y pedag\u00f3gicas se resignifican en relaci\u00f3n con los contextos sociales, culturales y pol\u00edticos contempor\u00e1neos.<\/p>\n\n\n\n<p>El programa del <strong><em>EPPEM2025<\/em><\/strong> articular\u00e1 instancias de di\u00e1logo acad\u00e9mico, experiencias art\u00edsticas y espacios comunitarios:<\/p>\n\n\n\n<ul>\n<li><strong>Mesa de apertura<\/strong> con la participaci\u00f3n de Carlos Poblete Lagos (Chile), Luis Ricardo Silva Queiroz (Brasil), Silvia Juan Bennazar (Argentina) y Ramiro Limongi (Argentina). Ser\u00e1 un espacio plural para abrir debates sobre sostenibilidad cultural, inclusi\u00f3n, pol\u00edticas educativas y resignificaciones de la m\u00fasica en el siglo XXI.<\/li>\n\n\n\n<li><strong>Charlas invitadas<\/strong>, entre ellas la de <strong>Guillermo Rodr\u00edguez (Espa\u00f1a)<\/strong>, pianista con una destacada carrera internacional y activa participaci\u00f3n en redes y organismos como UNESCO y la Asociaci\u00f3n Europea de Conservatorios, quien aportar\u00e1 una mirada joven y comprometida sobre la relaci\u00f3n entre formaci\u00f3n art\u00edstica, pol\u00edticas culturales y pr\u00e1cticas contempor\u00e1neas.<\/li>\n\n\n\n<li><strong>Jornadas art\u00edsticas<\/strong> que recorrer\u00e1n m\u00fasicas contempor\u00e1neas, tango, folclore y experiencias sonoras colectivas, siempre en di\u00e1logo con sus contextos y con la participaci\u00f3n activa de la comunidad.<\/li>\n\n\n\n<li><strong>Comunicaciones orales<\/strong>, seleccionadas a partir de la convocatoria abierta, que incluir\u00e1n informes de investigaci\u00f3n, ensayos y relatos de experiencia de docentes, estudiantes, investigadores y artistas.<\/li>\n<\/ul>\n\n\n\n<p>El <strong><em>EPPEM2025<\/em><\/strong> busca abrir preguntas m\u00e1s que cerrar respuestas, habilitando el encuentro de miradas diversas y fomentando la construcci\u00f3n colectiva de perspectivas sobre la educaci\u00f3n musical en el presente y hacia el futuro.<\/p>\n","protected":false},"excerpt":{"rendered":"<p>VII Encuentro sobre Pr\u00e1cticas Pedag\u00f3gicas en Educaci\u00f3n Musical (EPPEM2025) 22 al 26 de septiembre de 2025 \u2013 Nivel Terciario, Escuela Superior de Educaci\u00f3n Art\u00edstica en M\u00fasica \u201cJuan Pedro Esnaola\u201d, Buenos Aires, Argentina Desde su inicio en 2019, el EPPEM se ha consolidado como un espacio de reflexi\u00f3n, intercambio y construcci\u00f3n colectiva en torno a la &#8230; <a title=\"PRESENTACI\u00d3N GENERAL\" class=\"read-more\" href=\"https:\/\/esnaola-caba.infd.edu.ar\/sitio\/presentacion-general\/\" aria-label=\"More on PRESENTACI\u00d3N GENERAL\">[+]<\/a><\/p>\n","protected":false},"author":586,"featured_media":0,"parent":0,"menu_order":0,"comment_status":"closed","ping_status":"closed","template":"","meta":[],"acf":[],"_links":{"self":[{"href":"https:\/\/esnaola-caba.infd.edu.ar\/sitio\/wp-json\/wp\/v2\/pages\/5311"}],"collection":[{"href":"https:\/\/esnaola-caba.infd.edu.ar\/sitio\/wp-json\/wp\/v2\/pages"}],"about":[{"href":"https:\/\/esnaola-caba.infd.edu.ar\/sitio\/wp-json\/wp\/v2\/types\/page"}],"author":[{"embeddable":true,"href":"https:\/\/esnaola-caba.infd.edu.ar\/sitio\/wp-json\/wp\/v2\/users\/586"}],"replies":[{"embeddable":true,"href":"https:\/\/esnaola-caba.infd.edu.ar\/sitio\/wp-json\/wp\/v2\/comments?post=5311"}],"version-history":[{"count":2,"href":"https:\/\/esnaola-caba.infd.edu.ar\/sitio\/wp-json\/wp\/v2\/pages\/5311\/revisions"}],"predecessor-version":[{"id":5313,"href":"https:\/\/esnaola-caba.infd.edu.ar\/sitio\/wp-json\/wp\/v2\/pages\/5311\/revisions\/5313"}],"wp:attachment":[{"href":"https:\/\/esnaola-caba.infd.edu.ar\/sitio\/wp-json\/wp\/v2\/media?parent=5311"}],"curies":[{"name":"wp","href":"https:\/\/api.w.org\/{rel}","templated":true}]}}