{"id":5276,"date":"2025-04-16T18:53:04","date_gmt":"2025-04-16T21:53:04","guid":{"rendered":"https:\/\/esnaola-caba.infd.edu.ar\/sitio\/?page_id=5276"},"modified":"2025-06-26T21:44:02","modified_gmt":"2025-06-27T00:44:02","slug":"llamado-a-presentacion-de-trabajos-2025","status":"publish","type":"page","link":"https:\/\/esnaola-caba.infd.edu.ar\/sitio\/llamado-a-presentacion-de-trabajos-2025\/","title":{"rendered":"Llamado a presentaci\u00f3n de trabajos &#8211; 2025"},"content":{"rendered":"\n<p><strong>7\u00b0 ENCUENTRO SOBRE PR\u00c1CTICAS PEDAG\u00d3GICAS EN EDUCACI\u00d3N MUSICAL<\/strong><br>22 al 26 de septiembre de 2025; Nivel Terciario, ESEAM Juan Pedro Esnaola, CABA, Argentina<\/p>\n\n\n\n<p>Los Encuentros sobre Pr\u00e1cticas Pedag\u00f3gicas en Educaci\u00f3n Musical, iniciados en 2019 con motivo del 10\u00b0 aniversario del Nivel Terciario de la Escuela Superior de Educaci\u00f3n Art\u00edstica en M\u00fasica \u201cJuan Pedro Esnaola\u201d, se han consolidado como un espacio de<br>reflexi\u00f3n e intercambio para revisar nuestras pr\u00e1cticas como educadores musicales, valorar nuestra identidad institucional y articular miradas entre diversos actores del campo.<br>En esta s\u00e9ptima edici\u00f3n, convocamos a la <strong>presentaci\u00f3n de res\u00famenes de trabajos<\/strong> que, tras ser evaluados por el Comit\u00e9 Cient\u00edfico, <strong>ser\u00e1n expuestos oralmente en el programa del EPPEM 2025<\/strong>. El eje tem\u00e1tico central ser\u00e1 <em>\u201cM\u00fasicas, culturas y sociedades: Desaf\u00edos y concepciones del siglo XXI\u201d<\/em>, invitando a abordar, desde diversas perspectivas, las m\u00faltiples intersecciones entre la m\u00fasica, las pr\u00e1cticas pedag\u00f3gicas y los contextos socioculturales contempor\u00e1neos. Tambi\u00e9n se aceptar\u00e1n art\u00edculos sobre temas libres.<br>Los trabajos seleccionados ser\u00e1n expuestos <strong>preferentemente de manera presencial<\/strong>, en sesiones de 30 minutos: 20 minutos para la presentaci\u00f3n y 10 minutos para preguntas y comentarios. Tambi\u00e9n ser\u00e1 posible exponer de forma remota y sincr\u00f3nica, mediante solicitud al momento de la inscripci\u00f3n. En todos los casos, ser\u00e1 requisito que al menos uno de los autores participe de la sesi\u00f3n correspondiente.<\/p>\n\n\n\n<div class=\"wp-block-buttons is-layout-flex\">\n<div class=\"wp-block-button\"><a class=\"wp-block-button__link has-accent-background-color has-background wp-element-button\" href=\"https:\/\/drive.google.com\/file\/d\/1myMGsSJquGLLSgxpwXzbMgId0tAdl9Yu\/view?usp=sharing\" target=\"_blank\" rel=\"noreferrer noopener\">Llamado a presentaci\u00f3n de trabajos<\/a><\/div>\n<\/div>\n\n\n\n<div class=\"wp-block-buttons is-layout-flex\">\n<div class=\"wp-block-button\"><a class=\"wp-block-button__link has-accent-background-color has-background wp-element-button\" href=\"https:\/\/drive.google.com\/open?id=1MAwOYjMebnbzZGQOM7rNhT7mmZe2_F8O&amp;usp=drive_fs\" target=\"_blank\" rel=\"noreferrer noopener\">Chamada para apresentacao de trabalhos<\/a><\/div>\n<\/div>\n","protected":false},"excerpt":{"rendered":"<p>7\u00b0 ENCUENTRO SOBRE PR\u00c1CTICAS PEDAG\u00d3GICAS EN EDUCACI\u00d3N MUSICAL22 al 26 de septiembre de 2025; Nivel Terciario, ESEAM Juan Pedro Esnaola, CABA, Argentina Los Encuentros sobre Pr\u00e1cticas Pedag\u00f3gicas en Educaci\u00f3n Musical, iniciados en 2019 con motivo del 10\u00b0 aniversario del Nivel Terciario de la Escuela Superior de Educaci\u00f3n Art\u00edstica en M\u00fasica \u201cJuan Pedro Esnaola\u201d, se han &#8230; <a title=\"Llamado a presentaci\u00f3n de trabajos &#8211; 2025\" class=\"read-more\" href=\"https:\/\/esnaola-caba.infd.edu.ar\/sitio\/llamado-a-presentacion-de-trabajos-2025\/\" aria-label=\"More on Llamado a presentaci\u00f3n de trabajos &#8211; 2025\">[+]<\/a><\/p>\n","protected":false},"author":339,"featured_media":0,"parent":0,"menu_order":0,"comment_status":"closed","ping_status":"closed","template":"","meta":[],"acf":[],"_links":{"self":[{"href":"https:\/\/esnaola-caba.infd.edu.ar\/sitio\/wp-json\/wp\/v2\/pages\/5276"}],"collection":[{"href":"https:\/\/esnaola-caba.infd.edu.ar\/sitio\/wp-json\/wp\/v2\/pages"}],"about":[{"href":"https:\/\/esnaola-caba.infd.edu.ar\/sitio\/wp-json\/wp\/v2\/types\/page"}],"author":[{"embeddable":true,"href":"https:\/\/esnaola-caba.infd.edu.ar\/sitio\/wp-json\/wp\/v2\/users\/339"}],"replies":[{"embeddable":true,"href":"https:\/\/esnaola-caba.infd.edu.ar\/sitio\/wp-json\/wp\/v2\/comments?post=5276"}],"version-history":[{"count":5,"href":"https:\/\/esnaola-caba.infd.edu.ar\/sitio\/wp-json\/wp\/v2\/pages\/5276\/revisions"}],"predecessor-version":[{"id":5286,"href":"https:\/\/esnaola-caba.infd.edu.ar\/sitio\/wp-json\/wp\/v2\/pages\/5276\/revisions\/5286"}],"wp:attachment":[{"href":"https:\/\/esnaola-caba.infd.edu.ar\/sitio\/wp-json\/wp\/v2\/media?parent=5276"}],"curies":[{"name":"wp","href":"https:\/\/api.w.org\/{rel}","templated":true}]}}