{"id":1427,"date":"2019-02-21T22:11:01","date_gmt":"2019-02-22T01:11:01","guid":{"rendered":"https:\/\/esnaola-caba.infd.edu.ar\/sitio\/?page_id=1427"},"modified":"2019-03-22T18:36:17","modified_gmt":"2019-03-22T21:36:17","slug":"convocatoria-1-2019-bedel","status":"publish","type":"page","link":"https:\/\/esnaola-caba.infd.edu.ar\/sitio\/convocatoria-1-2019-bedel\/","title":{"rendered":"Convocatoria 1\/2019 Bedel &#8211; FINALIZADA"},"content":{"rendered":"<table width=\"590\">\n<tbody>\n<tr>\n<td width=\"228\">\n<p style=\"text-align: center;\"><strong>CONVOCATORIA 2019<\/strong><\/p>\n<\/td>\n<td width=\"362\"><img decoding=\"async\" loading=\"lazy\" class=\"wp-image-902 alignright\" src=\"https:\/\/esnaola-caba.infd.edu.ar\/sitio\/wp-content\/uploads\/2018\/06\/logo_500.jpg\" alt=\"\" width=\"110\" height=\"86\" \/><\/td>\n<\/tr>\n<tr>\n<td width=\"228\"><strong>Establecimiento<\/strong><\/td>\n<td width=\"362\">Nivel Terciario ESEAM \u201cJ.P. Esnaola\u201d<\/td>\n<\/tr>\n<tr>\n<td width=\"228\"><strong>Profesorado<\/strong><\/td>\n<td width=\"362\">Profesorado Superior de M\u00fasica con Orientaci\u00f3n en Instrumento y Educaci\u00f3n Musical<\/td>\n<\/tr>\n<tr>\n<td width=\"228\"><strong>Asignatura\/Cargo<\/strong><\/td>\n<td width=\"362\">Bedel<\/td>\n<\/tr>\n<tr>\n<td width=\"228\"><strong>A\u00f1o y divisi\u00f3n<\/strong><\/td>\n<td width=\"362\">Todos<\/td>\n<\/tr>\n<tr>\n<td width=\"228\"><strong>Cantidad de horas<\/strong><\/td>\n<td width=\"362\">Cargo<\/td>\n<\/tr>\n<tr>\n<td width=\"228\"><strong>R\u00e9gimen<\/strong><\/td>\n<td width=\"362\">Turno Noche<\/td>\n<\/tr>\n<tr>\n<td width=\"228\"><strong>D\u00edas y horarios<\/strong><\/td>\n<td width=\"362\">Lunes, Miercoles y Viernes 17:30 a 22:00 \/ Martes y Jueves 18:00 a 22:30 hs.<\/td>\n<\/tr>\n<tr>\n<td width=\"228\"><strong>Integrantes del comit\u00e9 evaluador<\/strong><\/td>\n<td width=\"362\">Profesores:<strong> Ramiro Limongi, Guillermo Carro, Marcelo D. Funes, Santiago Fernandez.<\/strong><\/td>\n<\/tr>\n<tr>\n<td width=\"228\"><strong>Difusi\u00f3n<\/strong><\/td>\n<td width=\"362\">21 de febrero al 5 de marzo de 2019.<\/td>\n<\/tr>\n<tr>\n<td width=\"228\"><strong>D\u00edas y horarios para recepci\u00f3n de carpetas<\/strong><\/td>\n<td width=\"362\">6 y 7 de marzo de 2019 de 19 a 22:00 horas<\/td>\n<\/tr>\n<tr>\n<td width=\"228\"><strong>Evaluaci\u00f3n<\/strong><\/td>\n<td width=\"362\">8 de marzo de 2019<\/td>\n<\/tr>\n<tr>\n<td width=\"228\"><strong>Fecha de entrega de resultados<\/strong><\/td>\n<td width=\"362\">8 de marzo de 2019<\/td>\n<\/tr>\n<tr>\n<td width=\"228\"><strong>Motivo de la vacante<\/strong><\/td>\n<td width=\"362\">Interino<\/td>\n<\/tr>\n<\/tbody>\n<\/table>\n<p>&nbsp;<\/p>\n<p><strong>REQUISITOS PARA LA INSCRIPCI\u00d3N<\/strong><\/p>\n<p>Presentar en carpeta de tres solapas con Nombre y Apellido, Instituto e instancia curricular a la que aspira.<\/p>\n<ul>\n<li>Curriculum Vitae foliado y firmado. Una copia en papel al momento de la inscripci\u00f3n y otra digitalizada<\/li>\n<li>Propuesta pedag\u00f3gica para la instancia en la que se inscribe (extensi\u00f3n m\u00e1xima 3 p\u00e1ginas). La propuesta detallar\u00e1 fundamentaci\u00f3n, contenidos, modalidad de trabajo y bibliograf\u00eda, pudiendo tomar como orientaci\u00f3n los art\u00edculos del\u00a0 <a href=\"https:\/\/drive.google.com\/file\/d\/1GHjh7pBugtrPg-2JImwUp79myT4CNNHX\/view?usp=sharing\">ROM<\/a> (una copia en papel y otra via correo electr\u00f3nico.)<\/li>\n<li>La siguiente Planilla completa (<a href=\"http:\/\/www.buenosaires.gob.ar\/areas\/educacion\/docentes\/juntas\/2010\/artisticas\/ANEXOI.html\">Anexo I<\/a>).<\/li>\n<li>Enviar al siguiente Correo electr\u00f3nico: <a href=\"mailto:direccion.terciarioESEAM@gmail.com\">direccion.terciarioESEAM@gmail.com<\/a> (sin acentos)<\/li>\n<\/ul>\n<p><strong>CRONOGRAMA DEL LLAMADO<\/strong><\/p>\n<p><strong>Publicaci\u00f3n: <\/strong>21 de febrero al 5 de marzo de 2019.<\/p>\n<p><strong>Inscripci\u00f3n y recepci\u00f3n de las carpetas<\/strong>: 6 y 7 de marzo de 2019<\/p>\n<p><strong>Evaluaci\u00f3n de antecedentes y proyecto:<\/strong> 8 de marzo<\/p>\n<p><strong>Resultados<\/strong>: 8 de marzo<\/p>\n<p>&nbsp;<\/p>\n<p>Tanto la Inscripci\u00f3n como las consultas y correspondientes notificaciones se realizan en:<\/p>\n<ul>\n<li>Direcci\u00f3n: Nivel Terciario \u2013 ESEAM J.P. Esnaola \u2013 Cris\u00f3logo Larralde 5085<\/li>\n<li>Tel\u00e9fono: 4542-8494<\/li>\n<li>Correo electr\u00f3nico: direccion.terciarioESEAM@gmail.com<\/li>\n<li>D\u00edas y horarios: lunes a viernes de 19 a 22 hs.<\/li>\n<\/ul>\n<p>&nbsp;<\/p>\n<p>El Comit\u00e9 de evaluaci\u00f3n\u00a0valorar\u00e1 el conjunto de los antecedentes profesionales considerando en particular aquellos que evidencien elecciones estrechamente vinculadas a la instancia que se concursa, la calidad y la evaluaci\u00f3n de la clase dictada.<\/p>\n","protected":false},"excerpt":{"rendered":"<p>CONVOCATORIA 2019 Establecimiento Nivel Terciario ESEAM \u201cJ.P. Esnaola\u201d Profesorado Profesorado Superior de M\u00fasica con Orientaci\u00f3n en Instrumento y Educaci\u00f3n Musical Asignatura\/Cargo Bedel A\u00f1o y divisi\u00f3n Todos Cantidad de horas Cargo R\u00e9gimen Turno Noche D\u00edas y horarios Lunes, Miercoles y Viernes 17:30 a 22:00 \/ Martes y Jueves 18:00 a 22:30 hs. Integrantes del comit\u00e9 evaluador &#8230; <a title=\"Convocatoria 1\/2019 Bedel &#8211; FINALIZADA\" class=\"read-more\" href=\"https:\/\/esnaola-caba.infd.edu.ar\/sitio\/convocatoria-1-2019-bedel\/\" aria-label=\"More on Convocatoria 1\/2019 Bedel &#8211; FINALIZADA\">[+]<\/a><\/p>\n","protected":false},"author":7,"featured_media":0,"parent":0,"menu_order":0,"comment_status":"closed","ping_status":"closed","template":"","meta":[],"acf":[],"_links":{"self":[{"href":"https:\/\/esnaola-caba.infd.edu.ar\/sitio\/wp-json\/wp\/v2\/pages\/1427"}],"collection":[{"href":"https:\/\/esnaola-caba.infd.edu.ar\/sitio\/wp-json\/wp\/v2\/pages"}],"about":[{"href":"https:\/\/esnaola-caba.infd.edu.ar\/sitio\/wp-json\/wp\/v2\/types\/page"}],"author":[{"embeddable":true,"href":"https:\/\/esnaola-caba.infd.edu.ar\/sitio\/wp-json\/wp\/v2\/users\/7"}],"replies":[{"embeddable":true,"href":"https:\/\/esnaola-caba.infd.edu.ar\/sitio\/wp-json\/wp\/v2\/comments?post=1427"}],"version-history":[{"count":3,"href":"https:\/\/esnaola-caba.infd.edu.ar\/sitio\/wp-json\/wp\/v2\/pages\/1427\/revisions"}],"predecessor-version":[{"id":1550,"href":"https:\/\/esnaola-caba.infd.edu.ar\/sitio\/wp-json\/wp\/v2\/pages\/1427\/revisions\/1550"}],"wp:attachment":[{"href":"https:\/\/esnaola-caba.infd.edu.ar\/sitio\/wp-json\/wp\/v2\/media?parent=1427"}],"curies":[{"name":"wp","href":"https:\/\/api.w.org\/{rel}","templated":true}]}}